{"id":660,"date":"2025-05-31T17:29:54","date_gmt":"2025-05-31T15:29:54","guid":{"rendered":"https:\/\/parquetoledo.es\/aperturaescuela\/?page_id=660"},"modified":"2025-05-31T17:29:55","modified_gmt":"2025-05-31T15:29:55","slug":"pautas-para-la-segunda-reunion-de-disciplinas","status":"publish","type":"page","link":"https:\/\/parquetoledo.es\/aperturaescuela\/pautas-para-la-segunda-reunion-de-disciplinas\/","title":{"rendered":"Pautas para la segunda reuni\u00f3n de Disciplinas"},"content":{"rendered":"\n<figure class=\"wp-block-image aligncenter size-large is-resized\"><img loading=\"lazy\" decoding=\"async\" width=\"1024\" height=\"405\" src=\"https:\/\/parquetoledo.es\/aperturaescuela\/wp-content\/uploads\/2024\/08\/parque-de-estudio-y-reflexion-toledo-1024x405.jpg\" alt=\"Parques de Estudio y Reflexi\u00f3n - Toledo\" class=\"wp-image-236\" style=\"width:821px;height:auto\" srcset=\"https:\/\/parquetoledo.es\/aperturaescuela\/wp-content\/uploads\/2024\/08\/parque-de-estudio-y-reflexion-toledo-1024x405.jpg 1024w, https:\/\/parquetoledo.es\/aperturaescuela\/wp-content\/uploads\/2024\/08\/parque-de-estudio-y-reflexion-toledo-300x119.jpg 300w, https:\/\/parquetoledo.es\/aperturaescuela\/wp-content\/uploads\/2024\/08\/parque-de-estudio-y-reflexion-toledo-768x304.jpg 768w, https:\/\/parquetoledo.es\/aperturaescuela\/wp-content\/uploads\/2024\/08\/parque-de-estudio-y-reflexion-toledo.jpg 1200w\" sizes=\"auto, (max-width: 1024px) 100vw, 1024px\" \/><\/figure>\n\n\n\n<h4 class=\"wp-block-heading\" style=\"margin-top:60px\">Bienvenida e Introducci\u00f3n<\/h4>\n\n\n\n<p class=\"wp-block-paragraph\">Queridos disc\u00edpulos. Bienvenidos al Parque de Estudio y Reflexi\u00f3n Toledo. Hoy comenzaremos los trabajos disciplinarios correspondientes a la segunda cuaterna, que abarca los pasos del 5\u00ba al 8\u00ba. En aproximadamente dos meses m\u00e1s, el 2 de agosto, nos reuniremos nuevamente aqu\u00ed para iniciar la tercera y \u00faltima cuaterna.<br><br>Como ya hicimos en la reuni\u00f3n anterior, nos distribuiremos en \u00e1mbitos por Disciplina, usando los mismos espacios que entonces:<br><br>\uf0b7 D. Material, en la 1\u00aa sala del Centro de Estudios.<br>\uf0b7 D. Energ\u00e9tica, en la carpa.<br>\uf0b7 D. Mental, en la sala de Conferencias del Centro de Trabajo.<br>\uf0b7 D. Morfol\u00f3gica, en la sala del fondo del Centro de Estudios.<\/p>\n\n\n\n<p class=\"wp-block-paragraph\">Comenzaremos el trabajo de hoy intercambiando sobre la primera cuaterna, teniendo en cuenta los siguientes elementos: rutina diaria, registros<br>significativos, impedimentos encontrados, comprensiones, ocurrencias, intercambios y s\u00edntesis. Dedicaremos a esto aproximadamente una hora.<br>A continuaci\u00f3n, veremos el video de la segunda cuaterna correspondiente a cada Disciplina (en el caso de la D. Material, se acompa\u00f1a con un video<br>adicional del proceso en laboratorio). Estos videos quedar\u00e1n, a partir de hoy, accesibles para los disc\u00edpulos en la p\u00e1gina web parquetoledo.es<br><br>Tras los videos, recomendamos realizar una pr\u00e1ctica, comenzando con un buen relax, representaci\u00f3n interna del paso 5\u00ba que inicia la segunda cuaterna<br>(de acuerdo a cada Disciplina), buscando el registro, en lo posible no solo con im\u00e1genes visuales. Anotaciones personales e intercambio en grupos. Para esto<br>dispondremos de dos horas en la ma\u00f1ana y hora y media por la tarde.<br><br>Para todos los intercambios: tened en cuenta el intercambio en paridad, no se busca esclarecer a otros; si hay puntos de vista diferentes sobre un mismo<br>trabajo, no es la idea debatir, ni monopolizar el tiempo de intercambio. Se crece con los aportes de otros y se aporta la propia experiencia.<br><br>El tama\u00f1o del grupo en el que se intercambia (se recomiendan 6-8 personas), debe posibilitar que todos puedan hacer su aporte. A lo largo del proceso aparecen resistencias o impedimentos. Uno de los indicadores de avance es la superaci\u00f3n de esos impedimentos y es una gran ayuda intercambiar sobre c\u00f3mo hace cada cual para superarlos. La actitud que corresponde es la de amabilidad y buen trato con uno mismo y con los otros.<br><\/p>\n\n\n\n<div style=\"height:33px\" aria-hidden=\"true\" class=\"wp-block-spacer\"><\/div>\n\n\n\n<figure class=\"wp-block-image size-large is-resized\"><img loading=\"lazy\" decoding=\"async\" width=\"1024\" height=\"277\" src=\"https:\/\/parquetoledo.es\/aperturaescuela\/wp-content\/uploads\/2025\/05\/parque-toledo-pano-3-1024x277.jpg\" alt=\"\" class=\"wp-image-696\" style=\"width:1200px;height:auto\" srcset=\"https:\/\/parquetoledo.es\/aperturaescuela\/wp-content\/uploads\/2025\/05\/parque-toledo-pano-3-1024x277.jpg 1024w, https:\/\/parquetoledo.es\/aperturaescuela\/wp-content\/uploads\/2025\/05\/parque-toledo-pano-3-300x81.jpg 300w, https:\/\/parquetoledo.es\/aperturaescuela\/wp-content\/uploads\/2025\/05\/parque-toledo-pano-3-768x208.jpg 768w, https:\/\/parquetoledo.es\/aperturaescuela\/wp-content\/uploads\/2025\/05\/parque-toledo-pano-3-1536x416.jpg 1536w, https:\/\/parquetoledo.es\/aperturaescuela\/wp-content\/uploads\/2025\/05\/parque-toledo-pano-3.jpg 1800w\" sizes=\"auto, (max-width: 1024px) 100vw, 1024px\" \/><\/figure>\n\n\n\n<div style=\"height:56px\" aria-hidden=\"true\" class=\"wp-block-spacer\"><\/div>\n\n\n\n<h4 class=\"wp-block-heading\" style=\"margin-top:60px\"><strong>PROGRAMA DEL D\u00cdA:\u00a0 Pauta de la reuni\u00f3n<\/strong><\/h4>\n\n\n\n<p class=\"wp-block-paragraph\"><strong>9:30 h<\/strong>. <strong>Inscripci\u00f3n<\/strong> y recogida de aportes para la reuni\u00f3n. Entrega de Material con el plan del d\u00eda y recomendaciones.<br>Lugar: Sala de conferencias del Centro de Trabajo. <em>Tiempo estimado: 1:00 h.<\/em><\/p>\n\n\n\n<p class=\"wp-block-paragraph\"><strong>10:30 h<\/strong>. <strong>Bienvenida<\/strong> y encuadre del d\u00eda. <em>Tiempo estimado 30 min.<\/em><\/p>\n\n\n\n<p class=\"wp-block-paragraph\"><strong>11:00 h.<\/strong> <strong>Intercambio<\/strong> <strong>1\u00aa cuaterna<\/strong>, por grupos de Disciplina en \u00e1mbitos diferenciados. <em>Tiempo estimado 1:00 h.<\/em><\/p>\n\n\n\n<p class=\"wp-block-paragraph\"><strong>12:00 h.<\/strong> <strong>Video de la segunda cuaterna<\/strong>. Pr\u00e1cticas e intercambio. Grupos por Disciplina en \u00e1mbitos diferenciados. <em>Tiempo estimado: 2:00 h. con caf\u00e9 intermedio.<\/em><\/p>\n\n\n\n<p class=\"wp-block-paragraph\"><strong>14:30 h. Comida. <\/strong> <em>Tiempo estimado: 1:30 h.<\/em><\/p>\n\n\n\n<p class=\"wp-block-paragraph\"><strong>16:00 h. Pr\u00e1cticas e intercambios<\/strong> por Disciplina. <em>Tiempo estimado: 1:30 h.<\/em><\/p>\n\n\n\n<p class=\"wp-block-paragraph\"><strong>17:30 h. Caf\u00e9<\/strong> y merienda.<\/p>\n\n\n\n<p class=\"wp-block-paragraph\"><strong>18:00 h. Recomendaciones<\/strong> y cierre.<\/p>\n\n\n\n<p class=\"wp-block-paragraph\"><strong>18:30 h. Recogida<\/strong> del \u00e1mbito.<\/p>\n\n\n\n<div style=\"height:31px\" aria-hidden=\"true\" class=\"wp-block-spacer\"><\/div>\n\n\n\n<div class=\"wp-block-columns is-layout-flex wp-container-core-columns-is-layout-7387b849 wp-block-columns-is-layout-flex\">\n<div class=\"wp-block-column is-layout-flow wp-block-column-is-layout-flow\" style=\"flex-basis:66.66%\">\n<figure class=\"wp-block-image size-large\"><img loading=\"lazy\" decoding=\"async\" width=\"1024\" height=\"683\" src=\"https:\/\/parquetoledo.es\/aperturaescuela\/wp-content\/uploads\/2025\/05\/Parque-Toledo-Atardecer-2016-03-05-4-1024x683.jpg\" alt=\"\" class=\"wp-image-694\" srcset=\"https:\/\/parquetoledo.es\/aperturaescuela\/wp-content\/uploads\/2025\/05\/Parque-Toledo-Atardecer-2016-03-05-4-1024x683.jpg 1024w, https:\/\/parquetoledo.es\/aperturaescuela\/wp-content\/uploads\/2025\/05\/Parque-Toledo-Atardecer-2016-03-05-4-300x200.jpg 300w, https:\/\/parquetoledo.es\/aperturaescuela\/wp-content\/uploads\/2025\/05\/Parque-Toledo-Atardecer-2016-03-05-4-768x512.jpg 768w, https:\/\/parquetoledo.es\/aperturaescuela\/wp-content\/uploads\/2025\/05\/Parque-Toledo-Atardecer-2016-03-05-4-1536x1024.jpg 1536w, https:\/\/parquetoledo.es\/aperturaescuela\/wp-content\/uploads\/2025\/05\/Parque-Toledo-Atardecer-2016-03-05-4.jpg 2048w\" sizes=\"auto, (max-width: 1024px) 100vw, 1024px\" \/><\/figure>\n<\/div>\n\n\n\n<div class=\"wp-block-column is-layout-flow wp-block-column-is-layout-flow\" style=\"flex-basis:33.33%\">\n<figure class=\"wp-block-image size-large is-resized\"><img loading=\"lazy\" decoding=\"async\" width=\"683\" height=\"1024\" src=\"https:\/\/parquetoledo.es\/aperturaescuela\/wp-content\/uploads\/2025\/05\/Escenas-del-Parque-Toledo-Cuidadores-sin-titulo-9977-683x1024.jpg\" alt=\"\" class=\"wp-image-693\" style=\"width:321px;height:auto\" srcset=\"https:\/\/parquetoledo.es\/aperturaescuela\/wp-content\/uploads\/2025\/05\/Escenas-del-Parque-Toledo-Cuidadores-sin-titulo-9977-683x1024.jpg 683w, https:\/\/parquetoledo.es\/aperturaescuela\/wp-content\/uploads\/2025\/05\/Escenas-del-Parque-Toledo-Cuidadores-sin-titulo-9977-200x300.jpg 200w, https:\/\/parquetoledo.es\/aperturaescuela\/wp-content\/uploads\/2025\/05\/Escenas-del-Parque-Toledo-Cuidadores-sin-titulo-9977-768x1152.jpg 768w, https:\/\/parquetoledo.es\/aperturaescuela\/wp-content\/uploads\/2025\/05\/Escenas-del-Parque-Toledo-Cuidadores-sin-titulo-9977.jpg 910w\" sizes=\"auto, (max-width: 683px) 100vw, 683px\" \/><\/figure>\n<\/div>\n<\/div>\n\n\n\n<div style=\"height:24px\" aria-hidden=\"true\" class=\"wp-block-spacer\"><\/div>\n\n\n\n<h4 class=\"wp-block-heading\" style=\"margin-top:60px\"><strong>Enlaces a los v\u00eddeos de las Disciplinas<\/strong><\/h4>\n\n\n\n<div class=\"wp-block-columns is-layout-flex wp-container-core-columns-is-layout-7387b849 wp-block-columns-is-layout-flex\">\n<div class=\"wp-block-column is-layout-flow wp-block-column-is-layout-flow\">\n<p class=\"wp-block-paragraph\"><strong>Disciplina Material<\/strong><\/p>\n\n\n\n<p class=\"wp-block-paragraph\">1a. cuaterna: <a href=\"https:\/\/kdrive.infomaniak.com\/app\/share\/1614284\/1fd5fa22-5758-4c8b-a17e-347febdbd899\" target=\"_blank\" rel=\"noreferrer noopener\">enlace v\u00eddeo<\/a><br>2a. cuaterna: <a href=\"https:\/\/kdrive.infomaniak.com\/app\/share\/1614284\/286032ec-49ad-4683-a6ce-5c294f3d4496\" target=\"_blank\" rel=\"noreferrer noopener\">enlace v\u00eddeo<\/a><br>3a. cuaterna: enlace v\u00eddeo<\/p>\n<\/div>\n\n\n\n<div class=\"wp-block-column is-layout-flow wp-block-column-is-layout-flow\">\n<p class=\"wp-block-paragraph\"><strong>Laboratorio Disciplina Material<\/strong><\/p>\n\n\n\n<p class=\"wp-block-paragraph\">1a. cuaterna: <a href=\"https:\/\/kdrive.infomaniak.com\/app\/share\/1614284\/548a9d4a-8a89-4b52-8272-33004a5b62d1\" target=\"_blank\" rel=\"noreferrer noopener\">enlace v\u00eddeo<\/a><br>2a. cuaterna: <a href=\"https:\/\/kdrive.infomaniak.com\/app\/share\/1614284\/2c386af3-6b27-4021-a1cf-a9209ae9e518\" target=\"_blank\" rel=\"noreferrer noopener\">enlace v\u00eddeo<\/a><br>3a. cuaterna: enlace v\u00eddeo<\/p>\n<\/div>\n\n\n\n<div class=\"wp-block-column is-layout-flow wp-block-column-is-layout-flow\">\n<p class=\"wp-block-paragraph\"><strong>Disciplina Energ\u00e9tica<\/strong><\/p>\n\n\n\n<p class=\"wp-block-paragraph\">1a. cuaterna: <a href=\"https:\/\/kdrive.infomaniak.com\/app\/share\/1614284\/7e51f492-47a9-447e-b191-840a4158f93a\" target=\"_blank\" rel=\"noreferrer noopener\">enlace v\u00eddeo<\/a><br>2a. cuaterna: <a href=\"https:\/\/kdrive.infomaniak.com\/app\/share\/1614284\/ebd32a74-f91a-4a27-99d4-c5461aab71b2\" target=\"_blank\" rel=\"noreferrer noopener\">enlace v\u00eddeo<\/a><br>3a. cuaterna: enlace v\u00eddeo<\/p>\n<\/div>\n<\/div>\n\n\n\n<div class=\"wp-block-columns is-layout-flex wp-container-core-columns-is-layout-7387b849 wp-block-columns-is-layout-flex\">\n<div class=\"wp-block-column is-layout-flow wp-block-column-is-layout-flow\">\n<p class=\"wp-block-paragraph\"><strong>Disciplina Mental<\/strong><\/p>\n\n\n\n<p class=\"wp-block-paragraph\">1a. cuaterna: <a href=\"https:\/\/kdrive.infomaniak.com\/app\/share\/1614284\/1e0fe960-2327-4d1e-8f42-01532bbc3b5c\" target=\"_blank\" rel=\"noreferrer noopener\">enlace v\u00eddeo<\/a><br>2a. cuaterna: <a href=\"https:\/\/kdrive.infomaniak.com\/app\/share\/1614284\/d20e097a-85ba-4b76-9ed8-41c112773484\" target=\"_blank\" rel=\"noreferrer noopener\">enlace v\u00eddeo<\/a><br>3a. cuaterna: enlace v\u00eddeo<\/p>\n<\/div>\n\n\n\n<div class=\"wp-block-column is-layout-flow wp-block-column-is-layout-flow\"><\/div>\n\n\n\n<div class=\"wp-block-column is-layout-flow wp-block-column-is-layout-flow\">\n<p class=\"wp-block-paragraph\"><strong>Disciplina Morfol\u00f3gica<\/strong><\/p>\n\n\n\n<p class=\"wp-block-paragraph\">1a. cuaterna: <a href=\"https:\/\/kdrive.infomaniak.com\/app\/share\/1614284\/be5bb509-755e-490d-ab77-5ff89071c651\" target=\"_blank\" rel=\"noreferrer noopener\">enlace v\u00eddeo<\/a><br>2a. cuaterna: <a href=\"https:\/\/kdrive.infomaniak.com\/app\/share\/1614284\/8bbdfbae-b7ea-4b66-8e49-2213f7b3e487\" target=\"_blank\" rel=\"noreferrer noopener\">enlace v\u00eddeo<\/a><br>3a. cuaterna: enlace v\u00eddeo<\/p>\n<\/div>\n<\/div>\n\n\n\n<h4 class=\"wp-block-heading\" style=\"margin-top:60px\"><strong>Recomendaciones finales y cierre<\/strong><\/h4>\n\n\n\n<p class=\"wp-block-paragraph\">Llegamos al final de esta segunda reuni\u00f3n de disc\u00edpulos. En este punto quisi\u00e9ramos recordar algunas consideraciones generales:<\/p>\n\n\n\n<p class=\"wp-block-paragraph\">Las Disciplinas se ocupan de la transformaci\u00f3n esencial del ser humano, llevando al operador en la direcci\u00f3n de los espacios profundos de la mente. A\u00f1adiremos tambi\u00e9n que esta experiencia de transformaci\u00f3n interna tiene como correlato conductas que apuntan a transformar y humanizar el mundo que nos rodea.<\/p>\n\n\n\n<p class=\"wp-block-paragraph\">Concluido el proceso disciplinario y habiendo realizado el Examen de Obra, es decir, una s\u00edntesis y revisi\u00f3n de toda la Disciplina, quienes solicitaran la entrada<br>a la Escuela y fueran aceptados en la Ceremonia de Ingreso, podr\u00e1n incorporarse al \u00e1mbito de Escuela aplicada al Parque Toledo. Esta Ceremonia coincidir\u00e1 con la <strong>reuni\u00f3n de Escuela de 25-26 de octubre de 2025 <\/strong>en Parque Toledo.<\/p>\n\n\n\n<div style=\"height:55px\" aria-hidden=\"true\" class=\"wp-block-spacer\"><\/div>\n\n\n\n<p class=\"wp-block-paragraph\"><strong>Y ahora, algunas recomendaciones m\u00e1s concretas para estos dos meses pr\u00f3ximos:<\/strong><\/p>\n\n\n\n<ol class=\"wp-block-list\">\n<li>Esta segunda cuaterna en las cuatro Disciplinas se caracteriza por una mayor inestabilidad interna, por lo que es muy recomendable la apertura al mundo aplic\u00e1ndose a actividades de conjunto.<\/li>\n\n\n\n<li>Recomendamos eliminar totalmente el consumo de sustancias, alcohol y drogas, ya que estas son un impedimento para la filiaci\u00f3n de los registros del trabajo disciplinario. Esta recomendaci\u00f3n es ahora m\u00e1s importante, si cabe, para concentrarse en el intenso trabajo con las Disciplinas.<\/li>\n\n\n\n<li>La Disciplina que hab\u00e9is escogido, es un trabajo que os acompa\u00f1ar\u00e1 en la vida y con la que construir\u00e9is vuestro modo de entrar en los espacios profundos. Incluso durante nuestra actividad cotidiana, es bueno recordar que estamos en un camino de inspiraci\u00f3n.<\/li>\n\n\n\n<li>Aun cuando el trabajo con Disciplinas es en base a rutinas personales, el intercambio semanal entre disc\u00edpulos de la misma disciplina es fundamental para ir avanzando en pasos y cuaternas.<\/li>\n\n\n\n<li>Por lo mismo, cuidar el \u00e1mbito de intercambio con pulcritud y amabilidad son condiciones necesarias.<\/li>\n\n\n\n<li>El ordenamiento en los \u00e1mbitos personales para dar prioridad al trabajo disciplinario, permitir\u00e1 la disponibilidad externa e interna para realizarlos.<\/li>\n<\/ol>\n\n\n\n<p class=\"wp-block-paragraph\">Dispon\u00e9is de dos meses aproximadamente para realizar los pasos de la segunda cuaterna. <\/p>\n\n\n\n<p class=\"wp-block-paragraph\">Cada Disciplina tiene sus procedimientos y pr\u00e1cticas diarias espec\u00edficos, describimos ahora algunos temas comunes. Se trabaja con <strong>rutinas diarias <\/strong>en un lugar tranquilo exento de ruidos o interrupciones, en un momento del d\u00eda que se cuente con energ\u00eda suficiente, a ser posible en el mismo momento cada d\u00eda. Recomendamos la siguiente secuencia:<\/p>\n\n\n\n<ol class=\"wp-block-list\">\n<li>Se realiza un relax completo. Nos predisponemos a salir del espacio cotidiano y entrar a un espacio sagrado.<\/li>\n\n\n\n<li>Se realiza el o los pasos previstos.<\/li>\n\n\n\n<li>Se anotan las dificultades encontradas, los avances realizados y los registros obtenidos.<br>Este trabajo completo no deber\u00eda exceder los 30 minutos.<\/li>\n<\/ol>\n\n\n\n<p class=\"wp-block-paragraph\">Esta rutina se repetir\u00e1 cada d\u00eda, y se llevar\u00e1 un cuaderno de bit\u00e1cora diario donde se hacen constar los registros, avances, impedimentos, ocurrencias, descubrimientos y sue\u00f1os significativos, as\u00ed como lo m\u00e1s relevante que haya sucedido en el d\u00eda.<\/p>\n\n\n\n<p class=\"wp-block-paragraph\">Concluido el periodo fijado para el paso, se realizar\u00e1 una s\u00edntesis con las conclusiones y lo m\u00e1s relevante de las anotaciones diarias. Este proceso se seguir\u00e1 con todos los pasos de la segunda cuaterna.<\/p>\n\n\n\n<p class=\"wp-block-paragraph\">Es importante captar los registros (indicadores) propios de los pasos de la segunda cuaterna y reservarse un tiempo antes de que acabe este per\u00edodo, para representar en secuencia, los diferentes pasos de la primera y segunda cuaterna.<\/p>\n\n\n\n<p class=\"wp-block-paragraph\">En todos los casos, tratamos de concentrar el trabajo en una rutina de m\u00e1s o menos 30 minutos.<\/p>\n\n\n\n<p class=\"wp-block-paragraph\">Es recomendable intercambiar con otros disc\u00edpulos que est\u00e9n realizando la misma Disciplina un d\u00eda fijo a la semana, por lo menos un par de horas.<\/p>\n\n\n\n<p class=\"wp-block-paragraph\">Finalizada la segunda cuaterna y antes del siguiente retiro de Disciplinas, se realiza una s\u00edntesis personal de toda la cuaterna, que servir\u00e1 para el Examen de Obra final.<\/p>\n\n\n\n<p class=\"wp-block-paragraph\">Nos volveremos a encontrar aqu\u00ed el <strong>2 de agosto pr\u00f3ximo<\/strong> para la entrega de la tercera cuaterna.<\/p>\n\n\n\n<p class=\"wp-block-paragraph\">Deseamos a todos un muy buen trabajo.<\/p>\n\n\n\n<p class=\"wp-block-paragraph\">Paz, Fuerza y Alegr\u00eda.<\/p>\n","protected":false},"excerpt":{"rendered":"<p>Bienvenida e Introducci\u00f3n Queridos disc\u00edpulos. Bienvenidos al Parque de Estudio y Reflexi\u00f3n Toledo. Hoy comenzaremos los trabajos disciplinarios correspondientes a [&hellip;]<\/p>\n","protected":false},"author":6,"featured_media":0,"parent":0,"menu_order":0,"comment_status":"closed","ping_status":"closed","template":"","meta":{"site-sidebar-layout":"default","site-content-layout":"","ast-site-content-layout":"default","site-content-style":"default","site-sidebar-style":"default","ast-global-header-display":"","ast-banner-title-visibility":"","ast-main-header-display":"","ast-hfb-above-header-display":"","ast-hfb-below-header-display":"","ast-hfb-mobile-header-display":"","site-post-title":"","ast-breadcrumbs-content":"","ast-featured-img":"","footer-sml-layout":"","ast-disable-related-posts":"","theme-transparent-header-meta":"","adv-header-id-meta":"","stick-header-meta":"","header-above-stick-meta":"","header-main-stick-meta":"","header-below-stick-meta":"","astra-migrate-meta-layouts":"default","ast-page-background-enabled":"default","ast-page-background-meta":{"desktop":{"background-color":"var(--ast-global-color-4)","background-image":"","background-repeat":"repeat","background-position":"center center","background-size":"auto","background-attachment":"scroll","background-type":"","background-media":"","overlay-type":"","overlay-color":"","overlay-opacity":"","overlay-gradient":""},"tablet":{"background-color":"","background-image":"","background-repeat":"repeat","background-position":"center center","background-size":"auto","background-attachment":"scroll","background-type":"","background-media":"","overlay-type":"","overlay-color":"","overlay-opacity":"","overlay-gradient":""},"mobile":{"background-color":"","background-image":"","background-repeat":"repeat","background-position":"center center","background-size":"auto","background-attachment":"scroll","background-type":"","background-media":"","overlay-type":"","overlay-color":"","overlay-opacity":"","overlay-gradient":""}},"ast-content-background-meta":{"desktop":{"background-color":"var(--ast-global-color-5)","background-image":"","background-repeat":"repeat","background-position":"center center","background-size":"auto","background-attachment":"scroll","background-type":"","background-media":"","overlay-type":"","overlay-color":"","overlay-opacity":"","overlay-gradient":""},"tablet":{"background-color":"var(--ast-global-color-5)","background-image":"","background-repeat":"repeat","background-position":"center center","background-size":"auto","background-attachment":"scroll","background-type":"","background-media":"","overlay-type":"","overlay-color":"","overlay-opacity":"","overlay-gradient":""},"mobile":{"background-color":"var(--ast-global-color-5)","background-image":"","background-repeat":"repeat","background-position":"center center","background-size":"auto","background-attachment":"scroll","background-type":"","background-media":"","overlay-type":"","overlay-color":"","overlay-opacity":"","overlay-gradient":""}},"footnotes":""},"class_list":["post-660","page","type-page","status-publish","hentry"],"_links":{"self":[{"href":"https:\/\/parquetoledo.es\/aperturaescuela\/wp-json\/wp\/v2\/pages\/660","targetHints":{"allow":["GET"]}}],"collection":[{"href":"https:\/\/parquetoledo.es\/aperturaescuela\/wp-json\/wp\/v2\/pages"}],"about":[{"href":"https:\/\/parquetoledo.es\/aperturaescuela\/wp-json\/wp\/v2\/types\/page"}],"author":[{"embeddable":true,"href":"https:\/\/parquetoledo.es\/aperturaescuela\/wp-json\/wp\/v2\/users\/6"}],"replies":[{"embeddable":true,"href":"https:\/\/parquetoledo.es\/aperturaescuela\/wp-json\/wp\/v2\/comments?post=660"}],"version-history":[{"count":27,"href":"https:\/\/parquetoledo.es\/aperturaescuela\/wp-json\/wp\/v2\/pages\/660\/revisions"}],"predecessor-version":[{"id":697,"href":"https:\/\/parquetoledo.es\/aperturaescuela\/wp-json\/wp\/v2\/pages\/660\/revisions\/697"}],"wp:attachment":[{"href":"https:\/\/parquetoledo.es\/aperturaescuela\/wp-json\/wp\/v2\/media?parent=660"}],"curies":[{"name":"wp","href":"https:\/\/api.w.org\/{rel}","templated":true}]}}