{"id":598,"date":"2025-03-16T13:47:25","date_gmt":"2025-03-16T12:47:25","guid":{"rendered":"https:\/\/parquetoledo.es\/aperturaescuela\/?page_id=598"},"modified":"2025-04-13T11:35:49","modified_gmt":"2025-04-13T09:35:49","slug":"pautas-para-la-tercera-reunion-de-postulantes","status":"publish","type":"page","link":"https:\/\/parquetoledo.es\/aperturaescuela\/pautas-para-la-tercera-reunion-de-postulantes\/","title":{"rendered":"Pautas para la tercera reuni\u00f3n de postulantes"},"content":{"rendered":"\n<h4 class=\"wp-block-heading\" style=\"margin-top:60px\"><strong>Bienvenida<\/strong><\/h4>\n\n\n\n<p class=\"wp-block-paragraph\">Bienvenidos todos, a esta tercera reuni\u00f3n presencial en nuestro Parque de Estudio y Reflexi\u00f3n Toledo.<\/p>\n\n\n\n<p class=\"wp-block-paragraph\">Es una alegr\u00eda volver a encontrarnos en este lugar significativo para compartir un hito importante en este proceso de aprendizaje y transformaci\u00f3n que hemos emprendido.<\/p>\n\n\n\n<p class=\"wp-block-paragraph\">Estamos hoy aqu\u00ed en la tercera reuni\u00f3n presencial con la cual se concluye el proceso de nivelaci\u00f3n que se inici\u00f3 el 28 de septiembre del a\u00f1o pasado. En este tiempo el inter\u00e9s ha estado puesto en nivelar nuestra terminolog\u00eda, para poder entendernos e intercambiar entre nosotros, as\u00ed como estudiar los Apuntes de Psicolog\u00eda de Silo que ponen el marco de descripci\u00f3n e interpretaci\u00f3n de nuestras experiencias. Tambi\u00e9n se revisaron los trabajos de Autoliberaci\u00f3n y Experiencias Guiadas. Todo esto se realiz\u00f3 aprendiendo a intercambiar en equipos en paridad.<\/p>\n\n\n\n<p class=\"wp-block-paragraph\">En el d\u00eda de hoy presentaremos las 4 disciplinas de la Escuela; Material, Energ\u00e9tica, Mental y Morfol\u00f3gica, de manera que pod\u00e1is decidir si quer\u00e9is continuar el proceso, para lo cual deber\u00e9is elegir una de ellas y anotaros hasta el 4 de abril. El s\u00e1bado 5 de abril nos volveremos a encontrar aqu\u00ed en Parque Toledo con aquellos que han decidido desarrollar una disciplina para dar inicio a esos trabajos.<\/p>\n\n\n\n<p class=\"wp-block-paragraph\">Cada disciplina se organiza en 3 cuaternas de 4 pasos cada una. Se trabajan en rutinas diarias e intercambios peri\u00f3dicos entre los disc\u00edpulos de la misma disciplina. Cada cuaterna tiene un ritmo de duraci\u00f3n de aproximadamente dos meses, y en cada cambio de cuaterna tendremos una reuni\u00f3n presencial de intercambio en el Parque. <strong>Estas jornadas ser\u00e1n los s\u00e1bados 5 de abril, 31 de mayo y 2 de agosto pr\u00f3ximos.<\/strong><\/p>\n\n\n\n<p class=\"wp-block-paragraph\">Las disciplinas son procedimientos de entrada a lo Profundo desde la representaci\u00f3n, la energ\u00eda, los actos mentales y las formas mentales. Todas apelan a v\u00edas intuitivas o inspiradas y est\u00e1n llenas de paradojas. Seguramente quedar\u00e9is con muchas preguntas y dudas que son parte intr\u00ednseca del proceso disciplinario, y que luego podr\u00e9is estudiar e intercambiar en los grupos.<\/p>\n\n\n\n<p class=\"wp-block-paragraph\">Como se expres\u00f3 por parte de Silo en el Centro de Estudios de Punta de Vacas en febrero de 2010(*), haremos algunas modificaciones en el esquema general de las Disciplinas, concretamente en lo que respecta a la Disciplina Material. Si bien sus trabajos se han apoyado tradicionalmente en acciones en laboratorio sobre sustancias, \u00e1cidos, metales, vapores, etc., en nuestra pr\u00e1ctica desarrollaremos completamente la Disciplina prescindiendo de estos apoyos y centr\u00e1ndonos en su representaci\u00f3n mental y alegorizaciones hasta producir igualmente las transformaciones esenciales que se buscan en el operador.<\/p>\n\n\n\n<p class=\"wp-block-paragraph\">(*) Se puede consultar el v\u00eddeo completo <a href=\"https:\/\/www.youtube.com\/watch?v=XFnv8zujjbc\">aqu\u00ed<\/a> <\/p>\n\n\n\n<div style=\"height:69px\" aria-hidden=\"true\" class=\"wp-block-spacer\"><\/div>\n\n\n\n<p class=\"wp-block-paragraph\"><strong>Os sugerimos no tratar de \u201centender las disciplinas\u201d solo intelectualmente, sino tratar de percibir las atm\u00f3sferas mentales propias de cada una, para seleccionar aquella con la que cada cual resuene m\u00e1s.<\/strong><\/p>\n\n\n\n<p class=\"wp-block-paragraph\">Como introducci\u00f3n, apelamos al texto usado con ese fin en el 2010:<\/p>\n\n\n\n<div class=\"wp-block-columns is-layout-flex wp-container-core-columns-is-layout-7387b849 wp-block-columns-is-layout-flex\">\n<div class=\"wp-block-column is-layout-flow wp-block-column-is-layout-flow\" style=\"flex-basis:33.33%\">\n<figure class=\"wp-block-image size-full is-resized\"><img loading=\"lazy\" decoding=\"async\" width=\"743\" height=\"743\" src=\"https:\/\/parquetoledo.es\/aperturaescuela\/wp-content\/uploads\/2025\/03\/logo-2-Escuela-Naranja-sombra.png\" alt=\"\" class=\"wp-image-614\" style=\"width:335px;height:auto\" srcset=\"https:\/\/parquetoledo.es\/aperturaescuela\/wp-content\/uploads\/2025\/03\/logo-2-Escuela-Naranja-sombra.png 743w, https:\/\/parquetoledo.es\/aperturaescuela\/wp-content\/uploads\/2025\/03\/logo-2-Escuela-Naranja-sombra-300x300.png 300w, https:\/\/parquetoledo.es\/aperturaescuela\/wp-content\/uploads\/2025\/03\/logo-2-Escuela-Naranja-sombra-150x150.png 150w\" sizes=\"auto, (max-width: 743px) 100vw, 743px\" \/><\/figure>\n<\/div>\n\n\n\n<div class=\"wp-block-column is-layout-flow wp-block-column-is-layout-flow\" style=\"flex-basis:66.66%\">\n<h2 class=\"wp-block-heading\"><strong>Las Cuatro Disciplinas en el Trabajo de Escuela<\/strong><\/h2>\n\n\n\n<p class=\"wp-block-paragraph\"><strong>Las Disciplinas<\/strong><\/p>\n\n\n\n<p class=\"wp-block-paragraph\">Antes de pasar a estudiar las Cuatro Disciplinas ser\u00e1 conveniente reflexionar sobre el significado y alcance de estos materiales. En la Escuela se trabajan las Disciplinas con la clara intenci\u00f3n de presentar cuadros de situaciones mentales que no se aprecian ni se resuelven con la informaci\u00f3n y la forma mental habitual <strong>sino m\u00e1s bien usando otras v\u00edas de comprensi\u00f3n que bien podr\u00edamos llamar \u201cintuitivas\u201d o \u201cinspiradas\u201d y que, desde luego, est\u00e1n planteadas fuera de la racionalidad habitual y de la mec\u00e1nica mental cotidianas. <\/strong>En las Disciplinas se trabaja con alegor\u00edas, signos y s\u00edmbolos y dentro de \u201catm\u00f3sferas\u201d bien dise\u00f1adas para enfrentarse a hechos psicol\u00f3gicos sorprendentes que si se presentaran como \u201cproblemas\u201d deber\u00edan ser resueltos en otro nivel de comprensi\u00f3n. Contamos desde hace mucho tiempo con trabajos parecidos a los que se realizan con los \u201c<em>koans<\/em>\u201d en el budismo Zen japon\u00e9s. En dichos trabajos, en dichos acertijos y paradojas, no se pretende confrontar lo que muestran los sentidos con otro tipo de percepci\u00f3n, ni el discurso coherentemente organizado con proposiciones que contienen t\u00e9rminos contradictorios entre s\u00ed.<\/p>\n\n\n\n<p class=\"wp-block-paragraph\">En las Disciplinas no se tratan los temas que encontramos a diario en los medios de difusi\u00f3n o en la charla cotidiana. Se pretende, simplemente, adiestrar el punto de vista y la reflexi\u00f3n haci\u00e9ndolos tan flexibles como sea posible, sin perder una secuencia y un proceso que mantengan su l\u00f3gica interna y lleven a comprensiones diferentes a las habituales<strong>&#8230; El \u201cmundo\u201d est\u00e1 repleto de otros puntos de vista y otras comprensiones, as\u00ed es que nos reservamos una humilde franja de temas y procedimientos que solamente practicamos y estudiamos en la Escuela.<\/strong><\/p>\n\n\n\n<p class=\"wp-block-paragraph\">Si es que estos ejercicios y pr\u00e1cticas tuvieran alguna utilidad, ser\u00eda la de presentar ante el practicante otra forma posible de emplazarse frente a las paradojas y, por qu\u00e9 no, frente a realidades cotidianas que solemos descartar sin m\u00e1s, dado su car\u00e1cter a veces ambiguo, a veces mult\u00edvoco, pero a menudo sorprendente y hasta \u201cincre\u00edble\u201d. Por otra parte, si no se viera la utilidad de tales trabajos siempre quedar\u00eda en nosotros ese \u201cresiduo\u201d tan especial que a veces nos dejan los sue\u00f1os y algunas obras de arte. Esos \u201cresiduos\u201d fueron rescatados desde antiguo por el hermetismo sistem\u00e1tico Alejandrino y hoy por la est\u00e9tica surrealista.<\/p>\n\n\n\n<p class=\"wp-block-paragraph\"><strong>En la Escuela, se ejercita la comprensi\u00f3n de nosotros mismos tomando los recodos de un pensamiento relacional que nos coloca en los espacios de la conciencia inspirada.<\/strong><\/p>\n<\/div>\n<\/div>\n\n\n\n<h4 class=\"wp-block-heading\" style=\"margin-top:60px\"><strong>PROGRAMA DEL D\u00cdA&nbsp;<\/strong><\/h4>\n\n\n\n<p class=\"wp-block-paragraph\"><strong>9.00 h.<\/strong> Registro de Asistencia \u2013 Recepci\u00f3n y entrega de materiales \u2013 Recogida de aportes para los costes de la reuni\u00f3n.<br>Lugar: Sala de conferencias del Centro de Trabajo. Tiempo estimado: 1 Hora.<\/p>\n\n\n\n<p class=\"wp-block-paragraph\"><strong>10.00 h. Bienvenida. <\/strong>Las 4 Disciplinas en el trabajo de Escuela \u2013 Encuadre.  Tiempo estimado: 10 minutos.<\/p>\n\n\n\n<p class=\"wp-block-paragraph\"><strong>10.10 h. <\/strong>Antecedentes de las Disciplinas.  Tiempo estimado: 30 minutos.<\/p>\n\n\n\n<p class=\"wp-block-paragraph\"><strong>10.45 h.<\/strong> Caf\u00e9 y galletas<\/p>\n\n\n\n<p class=\"wp-block-paragraph\"><strong>11.00 h<\/strong>. <strong>Disciplina Material<\/strong>.  Tiempo estimado: 1 hora<\/p>\n\n\n\n<p class=\"wp-block-paragraph\"><strong>12.00 h<\/strong>. Intercambio en grupos. (45 min.)<\/p>\n\n\n\n<p class=\"wp-block-paragraph\"><strong>12.45 h. <\/strong><strong>Disciplina Energ\u00e9tica<\/strong>.  Tiempo estimado: 1 hora<\/p>\n\n\n\n<p class=\"wp-block-paragraph\"><strong>13.45 h.<\/strong> Intercambio en grupos (45 min.)<\/p>\n\n\n\n<p class=\"wp-block-paragraph\"><strong>14.30 h.<\/strong> Almuerzo.<\/p>\n\n\n\n<p class=\"wp-block-paragraph\"><strong>16.00 h. Disciplina Mental<\/strong>.  Tiempo estimado: 1 hora<\/p>\n\n\n\n<p class=\"wp-block-paragraph\"><strong>17.00 h.<\/strong> Intercambio en grupos&nbsp;(45 min.)<\/p>\n\n\n\n<p class=\"wp-block-paragraph\"><strong>17.45 h. Disciplina Morfol\u00f3gica<\/strong>.  Tiempo estimado: 1 hora<\/p>\n\n\n\n<p class=\"wp-block-paragraph\"><strong>18.45 h.<\/strong> Intercambio en grupos (45 min.)<\/p>\n\n\n\n<p class=\"wp-block-paragraph\"><strong>19.30 h. Recomendaciones y despedida.<\/strong><\/p>\n\n\n\n<p class=\"wp-block-paragraph\"><strong>20,00 h.<\/strong> Recogida del \u00e1mbito y limpieza.<\/p>\n\n\n\n<h4 class=\"wp-block-heading\" style=\"margin-top:60px\"><strong>Bibliograf\u00eda tercera reuni\u00f3n de postulantes<\/strong><\/h4>\n\n\n\n<ul class=\"wp-block-list\">\n<li>Las 4 Disciplinas (<a href=\"https:\/\/parquetoledo.es\/aperturaescuela\/wp-content\/uploads\/2025\/03\/Las-Cuatro-Disciplinas-PT-2025_web.pdf\" target=\"_blank\" rel=\"noreferrer noopener\">PDF<\/a>)<\/li>\n\n\n\n<li>Ejemplos gr\u00e1ficos Morfolog\u00eda (<a href=\"https:\/\/parquetoledo.es\/aperturaescuela\/wp-content\/uploads\/2025\/03\/IMG-20250126-WA0008.jpg\" target=\"_blank\" rel=\"noreferrer noopener\">1<\/a> &#8211; <a href=\"https:\/\/parquetoledo.es\/aperturaescuela\/wp-content\/uploads\/2025\/03\/IMG-20250126-WA0009.jpg\" target=\"_blank\" rel=\"noreferrer noopener\">2<\/a> &#8211; <a href=\"https:\/\/parquetoledo.es\/aperturaescuela\/wp-content\/uploads\/2025\/03\/IMG-20250126-WA0010.jpg\" target=\"_blank\" rel=\"noreferrer noopener\">3<\/a>)<\/li>\n<\/ul>\n\n\n\n<h4 class=\"wp-block-heading\" style=\"margin-top:60px\"><strong>Recomendaciones generales tercera reuni\u00f3n de postulantes<\/strong><\/h4>\n\n\n\n<p class=\"wp-block-paragraph\"><strong>1.- <\/strong>Los grupos de intercambio en esta etapa ser\u00e1n entre disc\u00edpulos de la misma disciplina, ya no tanto por afinidad como lo fue en la etapa de nivelaci\u00f3n.<\/p>\n\n\n\n<p class=\"wp-block-paragraph\"><strong>2.- <\/strong>Aplicarse en las actividades del conjunto. Estos trabajos no deber\u00edan afectar las actividades que cada uno tiene en marcha en otros campos.<\/p>\n\n\n\n<p class=\"wp-block-paragraph\"><strong>3.- <\/strong>Recomendamos eliminar totalmente el consumo de sustancias, alcohol y drogas, ya que estas son un impedimento para la filiaci\u00f3n de los registros del trabajo disciplinario. Esta recomendaci\u00f3n es ahora m\u00e1s importante para concentrarse en el intenso trabajo con las Disciplinas.<\/p>\n\n\n\n<p class=\"wp-block-paragraph\"><strong>4.- <\/strong>La Disciplina que escoger\u00e9is, es un trabajo que os acompa\u00f1ar\u00e1 en la vida y con la que construir\u00e9is vuestro modo de entrar en los espacios profundos. Que sea una decisi\u00f3n meditada e inspirada.<\/p>\n\n\n\n<p class=\"wp-block-paragraph\"><strong>5.- <\/strong>Aun cuando el trabajo con Disciplinas es en base a rutinas personales, el intercambio semanal entre disc\u00edpulos de la misma disciplina es fundamental para ir avanzando en pasos y cuaternas.<\/p>\n\n\n\n<p class=\"wp-block-paragraph\"><strong>6.- <\/strong>Por lo mismo, cuidar el \u00e1mbito de intercambio con pulcritud y amabilidad son condiciones necesarias.<\/p>\n\n\n\n<p class=\"wp-block-paragraph\"><strong>7.- <\/strong>El ordenamiento en los \u00e1mbitos personales para dar prioridad al trabajo disciplinario, permitir\u00e1 la disponibilidad externa e interna para realizarlos.<\/p>\n\n\n\n<h4 class=\"wp-block-heading\" style=\"margin-top:60px\"><strong><strong>Pr\u00f3ximos hitos<\/strong><\/strong><\/h4>\n\n\n\n<p class=\"wp-block-paragraph\">Plazo de inscripci\u00f3n en la disciplina elegida, hasta el 4 de abril en el correo:<\/p>\n\n\n\n<p class=\"wp-block-paragraph\"><a href=\"mailto:inscripcionapertura2024pt@gmail.com\">inscripcionapertura2024pt@gmail.com<\/a><\/p>\n\n\n\n<p class=\"wp-block-paragraph\"><strong>PRIMERA CUATERNA:<\/strong><\/p>\n\n\n\n<p class=\"wp-block-paragraph\">Entrega de la primera cuaterna: 5 de abril 2025<\/p>\n\n\n\n<p class=\"wp-block-paragraph\"><strong>SEGUNDA CUATERNA:<\/strong><\/p>\n\n\n\n<p class=\"wp-block-paragraph\">Entrega de la segunda cuaterna: 31 de mayo 2025<\/p>\n\n\n\n<p class=\"wp-block-paragraph\"><strong>TERCERA CUATERNA:<\/strong><\/p>\n\n\n\n<p class=\"wp-block-paragraph\">Entrega de la tercera cuaterna: 2 de agosto de 2025<\/p>\n\n\n\n<p class=\"wp-block-paragraph\"><strong>REVISI\u00d3N Y S\u00cdNTESIS DEL PROCESO DISCIPLINARIO:<\/strong><\/p>\n\n\n\n<p class=\"wp-block-paragraph\">Octubre de 2025 (pendiente de concretar fecha).<\/p>\n\n\n\n<p class=\"wp-embed-aspect-4-3 wp-has-aspect-ratio wp-block-paragraph\">______________________________________________________________________________________<\/p>\n\n\n\n<p class=\"wp-embed-aspect-4-3 wp-has-aspect-ratio wp-block-paragraph\">Deseamos a todos los postulantes lo mejor para estos pr\u00f3ximos meses.<\/p>\n\n\n\n<p class=\"wp-embed-aspect-4-3 wp-has-aspect-ratio wp-block-paragraph\">\u00a1Paz, Fuerza y Alegr\u00eda!<\/p>\n\n\n\n<p class=\"wp-block-paragraph\"><\/p>\n","protected":false},"excerpt":{"rendered":"<p>Bienvenida Bienvenidos todos, a esta tercera reuni\u00f3n presencial en nuestro Parque de Estudio y Reflexi\u00f3n Toledo. Es una alegr\u00eda volver [&hellip;]<\/p>\n","protected":false},"author":6,"featured_media":0,"parent":0,"menu_order":0,"comment_status":"closed","ping_status":"closed","template":"","meta":{"site-sidebar-layout":"default","site-content-layout":"","ast-site-content-layout":"default","site-content-style":"default","site-sidebar-style":"default","ast-global-header-display":"","ast-banner-title-visibility":"","ast-main-header-display":"","ast-hfb-above-header-display":"","ast-hfb-below-header-display":"","ast-hfb-mobile-header-display":"","site-post-title":"","ast-breadcrumbs-content":"","ast-featured-img":"","footer-sml-layout":"","ast-disable-related-posts":"","theme-transparent-header-meta":"","adv-header-id-meta":"","stick-header-meta":"","header-above-stick-meta":"","header-main-stick-meta":"","header-below-stick-meta":"","astra-migrate-meta-layouts":"default","ast-page-background-enabled":"default","ast-page-background-meta":{"desktop":{"background-color":"var(--ast-global-color-4)","background-image":"","background-repeat":"repeat","background-position":"center center","background-size":"auto","background-attachment":"scroll","background-type":"","background-media":"","overlay-type":"","overlay-color":"","overlay-opacity":"","overlay-gradient":""},"tablet":{"background-color":"","background-image":"","background-repeat":"repeat","background-position":"center center","background-size":"auto","background-attachment":"scroll","background-type":"","background-media":"","overlay-type":"","overlay-color":"","overlay-opacity":"","overlay-gradient":""},"mobile":{"background-color":"","background-image":"","background-repeat":"repeat","background-position":"center center","background-size":"auto","background-attachment":"scroll","background-type":"","background-media":"","overlay-type":"","overlay-color":"","overlay-opacity":"","overlay-gradient":""}},"ast-content-background-meta":{"desktop":{"background-color":"var(--ast-global-color-5)","background-image":"","background-repeat":"repeat","background-position":"center center","background-size":"auto","background-attachment":"scroll","background-type":"","background-media":"","overlay-type":"","overlay-color":"","overlay-opacity":"","overlay-gradient":""},"tablet":{"background-color":"var(--ast-global-color-5)","background-image":"","background-repeat":"repeat","background-position":"center center","background-size":"auto","background-attachment":"scroll","background-type":"","background-media":"","overlay-type":"","overlay-color":"","overlay-opacity":"","overlay-gradient":""},"mobile":{"background-color":"var(--ast-global-color-5)","background-image":"","background-repeat":"repeat","background-position":"center center","background-size":"auto","background-attachment":"scroll","background-type":"","background-media":"","overlay-type":"","overlay-color":"","overlay-opacity":"","overlay-gradient":""}},"footnotes":""},"class_list":["post-598","page","type-page","status-publish","hentry"],"_links":{"self":[{"href":"https:\/\/parquetoledo.es\/aperturaescuela\/wp-json\/wp\/v2\/pages\/598","targetHints":{"allow":["GET"]}}],"collection":[{"href":"https:\/\/parquetoledo.es\/aperturaescuela\/wp-json\/wp\/v2\/pages"}],"about":[{"href":"https:\/\/parquetoledo.es\/aperturaescuela\/wp-json\/wp\/v2\/types\/page"}],"author":[{"embeddable":true,"href":"https:\/\/parquetoledo.es\/aperturaescuela\/wp-json\/wp\/v2\/users\/6"}],"replies":[{"embeddable":true,"href":"https:\/\/parquetoledo.es\/aperturaescuela\/wp-json\/wp\/v2\/comments?post=598"}],"version-history":[{"count":12,"href":"https:\/\/parquetoledo.es\/aperturaescuela\/wp-json\/wp\/v2\/pages\/598\/revisions"}],"predecessor-version":[{"id":658,"href":"https:\/\/parquetoledo.es\/aperturaescuela\/wp-json\/wp\/v2\/pages\/598\/revisions\/658"}],"wp:attachment":[{"href":"https:\/\/parquetoledo.es\/aperturaescuela\/wp-json\/wp\/v2\/media?parent=598"}],"curies":[{"name":"wp","href":"https:\/\/api.w.org\/{rel}","templated":true}]}}