{"id":194,"date":"2024-08-08T14:11:26","date_gmt":"2024-08-08T12:11:26","guid":{"rendered":"https:\/\/parquetoledo.es\/aperturaescuela\/?page_id=194"},"modified":"2024-10-11T18:07:01","modified_gmt":"2024-10-11T16:07:01","slug":"pautas-para-la-primera-reunion-de-postulantes","status":"publish","type":"page","link":"https:\/\/parquetoledo.es\/aperturaescuela\/pautas-para-la-primera-reunion-de-postulantes\/","title":{"rendered":"Pautas para la primera reuni\u00f3n de postulantes"},"content":{"rendered":"\n<h4 class=\"wp-block-heading\" style=\"margin-top:60px\"><strong>Bienvenida<\/strong><\/h4>\n\n\n\n<p class=\"wp-block-paragraph\">Queridas amigas, queridos amigos postulantes de este nuevo proceso de apertura de la Escuela aplicada en Parque Toledo. Bienvenidos a este \u00e1mbito, a este espacio de encuentro, de intercambio, de estudio y de reflexi\u00f3n, el cual ponemos a disposici\u00f3n de todos vosotros con el fin de iniciar este nuevo proceso. Esperamos que pueda ser de gran utilidad para seguir avanzando hacia el futuro y creciendo sin l\u00edmites.<\/p>\n\n\n\n<p class=\"wp-block-paragraph\">Estamos muy felices, queremos agradecer vuestra presencia y a su vez, agradecer tambi\u00e9n a todos los maestros que con su esfuerzo y apoyo, han hecho todo lo posible para que se cumplan todas las condiciones para poder desarrollar los futuros trabajos que hoy aqu\u00ed expondremos.<\/p>\n\n\n\n<p class=\"wp-block-paragraph\">Es a su vez muy alentador que estemos juntos hoy aqu\u00ed en estos momentos, bajo esta misma carpa, en este tiempo y este espacio en que el medio social, cultural, pol\u00edtico, personal etc, se nos muestra cada vez m\u00e1s hostil e individualista, y como dijo El Maestro Silo: \u201cLas relaciones personales deterioradas hoy al m\u00e1ximo muestran el aumento de una violencia sorda en la que el t\u00fa y el nosotros van desapareciendo y en la que el individuo arrojado a la soledad y el aturdimiento no encuentra ya salidas. Debemos reafirmar en este campo que todo ser humano tiene derecho a preguntarse por el sentido de la vida, por el amor, por la amistad, por todo aquello que hace a la poes\u00eda y a la grandeza de la existencia\u201d.<\/p>\n\n\n\n<p class=\"wp-block-paragraph\">Esta ense\u00f1anza que hemos recibido es un gran regalo, y como tal queremos y debemos transmitirlo considerando que hoy m\u00e1s que nunca, es necesario contar con herramientas que nos permitan avanzar en un mundo que, en direcci\u00f3n inversa a nuestras aspiraciones, se deshumaniza cada d\u00eda.<\/p>\n\n\n\n<p class=\"wp-block-paragraph\">Por todo ello, les deseamos un buen d\u00eda de encuentro e intercambio, que disfruten y logren acompa\u00f1arnos y acompa\u00f1arles en este proceso a fin de lograr una experiencia transformadora de gran significado para la vida humana.<br>Un saludo afectuoso de Paz, Fuerza y Alegr\u00eda para todos.<\/p>\n\n\n\n<h4 class=\"wp-block-heading\" style=\"margin-top:60px\"><strong>Pauta para la primera reuni\u00f3n de postulantes<\/strong><\/h4>\n\n\n\n<p class=\"wp-block-paragraph\" style=\"margin-top:0px\">La primera reuni\u00f3n para postulantes se realiza el <strong>28 de septiembre de 2024<\/strong> en Parques de Estudio y Reflexi\u00f3n Toledo. Comenzar\u00e1 a las <strong>9 de la ma\u00f1ana<\/strong> y durar\u00e1 hasta las <strong>8 de la tarde<\/strong>. Participan solamente aquellos que est\u00e1n inscritos.&nbsp;&nbsp;<\/p>\n\n\n\n<p class=\"wp-block-paragraph\">Se explicar\u00e1 la primera etapa del trabajo. Comprender\u00e1 los trabajos sobre distensi\u00f3n; psicof\u00edsica; autoconocimiento y experiencias guiadas. <\/p>\n\n\n\n<p class=\"wp-block-paragraph\">La bibliograf\u00eda recomendada es: el libro de <em>Autoliberaci\u00f3n<\/em>, el libro <em>Experiencias guiadas<\/em>, la conferencia sobre dicha obra (<em>Obras Completas<\/em>,<em> I<\/em>. <em>Habla Silo,<\/em> II Presentaci\u00f3n de libros, <em>Experiencias guiadas, <\/em>El Ateneo. Madrid, Espa\u00f1a, 3\/11\/89); experiencia de distensi\u00f3n y experiencias guiadas; material sobre \u201cDescripciones, resumen y s\u00edntesis\u201d y \u201cPsicolog\u00eda I y II\u201d del libro <em>Apuntes de Psicolog\u00eda<\/em>.<\/p>\n\n\n\n<h4 class=\"wp-block-heading\" style=\"margin-top:60px\"><strong>PROGRAMA DEL D\u00cdA<\/strong>&nbsp;<\/h4>\n\n\n\n<ul class=\"wp-block-list\">\n<li>9:00 h.&nbsp; Registro de Asistencia \u2013 Aporte a los costes de la reuni\u00f3n \u2013 Entrega de Materiales. Tiempo estimado: 1:30 horas.&nbsp;<\/li>\n\n\n\n<li>10:30 h. Bienvenida.&nbsp;&nbsp;Recomendaciones generales para los postulantes.&nbsp;Tiempo estimado: 10 minutos.&nbsp;<\/li>\n\n\n\n<li>10:40 h. Presentaci\u00f3n de los trabajos de nivelaci\u00f3n para los postulantes a Escuela. Tiempo estimado: 15 minutos.&nbsp;&nbsp;<\/li>\n\n\n\n<li>10:55 h. Formaci\u00f3n de grupos e intercambio de los temas presentados.&nbsp;Tiempo estimado: 1 hora.&nbsp;<\/li>\n\n\n\n<li>12:00 h Presentaci\u00f3n de los trabajos de Autoliberaci\u00f3n:\n<ul class=\"wp-block-list\">\n<li>Distensi\u00f3n.&nbsp;&nbsp;<\/li>\n\n\n\n<li>Psicof\u00edsica.&nbsp;<\/li>\n\n\n\n<li>Autoconocimiento.&nbsp;<\/li>\n\n\n\n<li>Pr\u00e1ctica de distensi\u00f3n.&nbsp; Tiempo estimado: 45 minutos.&nbsp;<\/li>\n<\/ul>\n<\/li>\n\n\n\n<li>Intercambio en grupos.&nbsp;Tiempo estimado: 30 minutos.&nbsp;<\/li>\n\n\n\n<li>13:15 h. Pausa. (caf\u00e9\u2026). Tiempo estimado: 30 minutos.&nbsp;<\/li>\n\n\n\n<li>13:45 h. Presentaci\u00f3n de las Experiencias guiadas. V\u00eddeo extracto conferencia \u201cExperiencias Guiadas\u201d Ateneo de Madrid, 1989.&nbsp;&nbsp;\n<ul class=\"wp-block-list\">\n<li>Pr\u00e1ctica conjunta: experiencia \u201cEl ni\u00f1o\u201d.&nbsp; Tiempo estimado: 30 minutos.&nbsp;<\/li>\n\n\n\n<li>Anotaciones personales e intercambio en grupos.&nbsp; Tiempo estimado: 30 minutos.&nbsp;<\/li>\n<\/ul>\n<\/li>\n\n\n\n<li>15:00 h. Comida compartida.&nbsp;<\/li>\n<\/ul>\n\n\n\n<ul class=\"wp-block-list\">\n<li>16.30 h.&nbsp; Presentaci\u00f3n \u201cApuntes de Psicolog\u00eda I y II\u201d.&nbsp; Tiempo estimado: 10 minutos.&nbsp;<\/li>\n\n\n\n<li>16:40 h. V\u00eddeo: conferencia de Silo, \u201cPresentaci\u00f3n libro Apuntes de Psicolog\u00eda, Rosario (Argentina) 2006\u201d.&nbsp; Tiempo estimado: 35 minutos.&nbsp;<\/li>\n\n\n\n<li>17:15 h. Intercambio en grupos.&nbsp; Tiempo estimado: 30 minutos.&nbsp;<\/li>\n\n\n\n<li>17:45 h. Pausa (caf\u00e9\u2026). Tiempo estimado: 30 minutos.&nbsp;<\/li>\n\n\n\n<li>18:15 h. Punto de vista, descripci\u00f3n, resumen y s\u00edntesis (lectura). Tiempo estimado: 5 minutos.&nbsp;<\/li>\n\n\n\n<li>18:20 h. Punto de vista: pr\u00e1ctica conjunta.&nbsp;\n<ul class=\"wp-block-list\">\n<li>Resumen y s\u00edntesis de un cuento popular: pr\u00e1ctica individual.&nbsp;Tiempo estimado: 30 minutos.&nbsp;<\/li>\n<\/ul>\n<\/li>\n\n\n\n<li>18:50 h. Intercambio en grupo.&nbsp;Tiempo estimado: 30 minutos.&nbsp;<\/li>\n\n\n\n<li>19:20 h. Recomendaciones finales, armado de grupos de intercambio y calendario.&nbsp;<\/li>\n\n\n\n<li>20:00 h. Despedida y cierre.&nbsp;<\/li>\n<\/ul>\n\n\n\n<h4 class=\"wp-block-heading\" style=\"margin-top:60px\"><strong>Bibliograf\u00eda primera reuni\u00f3n de postulantes<\/strong><\/h4>\n\n\n\n<p class=\"wp-block-paragraph\"><\/p>\n\n\n\n<ul class=\"wp-block-list\">\n<li><em>Autoliberaci\u00f3n<\/em>&nbsp; (Libro <a href=\"https:\/\/parquetoledo.es\/aperturaescuela\/wp-content\/uploads\/2024\/08\/Autoliberacion.pdf\" data-type=\"link\" data-id=\"https:\/\/parquetoledo.es\/aperturaescuela\/wp-content\/uploads\/2024\/08\/Autoliberacion.pdf\">PDF completo<\/a>) &#8212; (<a href=\"https:\/\/es.humanipedia.org\/index.php?title=Autoliberaci%C3%B3n_(texto_completo)\" data-type=\"link\" data-id=\"https:\/\/es.humanipedia.org\/index.php?title=Autoliberaci%C3%B3n_(texto_completo)\" target=\"_blank\" rel=\"noreferrer noopener\">Humanipedia online<\/a>)<\/li>\n<\/ul>\n\n\n\n<ul class=\"wp-block-list\">\n<li>\u201cPsicolog\u00eda I y II\u201d&nbsp; (Libro <a href=\"https:\/\/parquetoledo.es\/aperturaescuela\/wp-content\/uploads\/2024\/08\/Apuntes-Psicologia-FINAL.pdf\" data-type=\"link\" data-id=\"https:\/\/parquetoledo.es\/aperturaescuela\/wp-content\/uploads\/2024\/08\/Apuntes-Psicologia-FINAL.pdf\" target=\"_blank\" rel=\"noreferrer noopener\">PDF completo<\/a>) &#8212; (Texto en Humanipedia: <a href=\"https:\/\/es.humanipedia.org\/index.php?title=Apuntes_de_Psicolog%C3%ADa_(texto_completo)#Psicolog%C3%ADa_I\" data-type=\"link\" data-id=\"https:\/\/es.humanipedia.org\/index.php?title=Apuntes_de_Psicolog%C3%ADa_(texto_completo)#Psicolog%C3%ADa_I\" target=\"_blank\" rel=\"noreferrer noopener\">Psicolog\u00eda I<\/a> &#8212; <a href=\"https:\/\/es.humanipedia.org\/index.php?title=Apuntes_de_Psicolog%C3%ADa_(texto_completo)#Psicolog%C3%ADa_II\" target=\"_blank\" rel=\"noreferrer noopener\">Psicolog\u00eda II<\/a> )<br>Conferencia Rosario sobre Apuntes de Psicolog\u00eda &#8211; <a href=\"https:\/\/drive.google.com\/file\/d\/13tLAu-aCrE_uJJDQ1mCbnw158VLvXNdj\/view?usp=sharing\" target=\"_blank\" rel=\"noreferrer noopener\">Enlace v\u00eddeo<\/a><\/li>\n<\/ul>\n\n\n\n<ul class=\"wp-block-list\">\n<li><em>Experiencias guiadas&nbsp;<\/em>&nbsp;(Libro en <a href=\"https:\/\/parquetoledo.es\/aperturaescuela\/wp-content\/uploads\/2024\/08\/Exper_es.pdf\" data-type=\"link\" data-id=\"https:\/\/parquetoledo.es\/aperturaescuela\/wp-content\/uploads\/2024\/08\/Exper_es.pdf\" target=\"_blank\" rel=\"noreferrer noopener\">PDF<\/a>) &#8212; (Libro en <a href=\"https:\/\/es.humanipedia.org\/index.php?title=Experiencias_Guiadas\" target=\"_blank\" rel=\"noreferrer noopener\">Humanipedia online<\/a>)<\/li>\n<\/ul>\n\n\n\n<ul class=\"wp-block-list\">\n<li>Conferencia<em> \u201cExperiencias guiadas\u201d<\/em> &#8212;&nbsp;(texto en <a href=\"https:\/\/es.humanipedia.org\/index.php?title=Experiencias_Guiadas#Conferencia_del_Autor\" target=\"_blank\" rel=\"noreferrer noopener\">Humanipedia online<\/a>) &#8211; <em>(Obras Completas 1, Cap. Presentaci\u00f3n de libros, El Ateneo, Madrid, Espa\u00f1a, 3 de noviembre de 1989).&nbsp;<\/em><br>Conferencia<em> \u00abExperiencias guiadas\u00bb.  <\/em>[<a href=\"https:\/\/drive.google.com\/file\/d\/1_WcFrk3tMPrduYoa0AbPqwVyYaLnfmDa\/view?usp=sharing\" data-type=\"link\" data-id=\"https:\/\/drive.google.com\/file\/d\/1FD3ADRCL2ZIBKXJ2xiekXME65p1KWFOw\/view?usp=sharing\" target=\"_blank\" rel=\"noreferrer noopener\">Enlace V\u00eddeo<\/a>]<\/li>\n<\/ul>\n\n\n\n<ul class=\"wp-block-list\">\n<li>Audios de distensi\u00f3n, audios de las experiencias guiadas.&nbsp;&nbsp;(<a href=\"https:\/\/parquetoledo.es\/aperturaescuela\/experiencias-guiadas\/\">Enlace a la p\u00e1gina con los audios<\/a>)<\/li>\n<\/ul>\n\n\n\n<ul class=\"wp-block-list\">\n<li>Material<em> \u201cSobre las descripciones, el resumen y la s\u00edntesis\u201d.&nbsp;<\/em>&nbsp;(<a href=\"https:\/\/parquetoledo.es\/aperturaescuela\/wp-content\/uploads\/2024\/08\/PuntodeVistaDescripcionResumenSintesis.pdf\" data-type=\"link\" data-id=\"https:\/\/parquetoledo.es\/aperturaescuela\/wp-content\/uploads\/2024\/08\/PuntodeVistaDescripcionResumenSintesis.pdf\">PDF<\/a>)<\/li>\n<\/ul>\n\n\n\n<div class=\"wp-block-file alignleft\" style=\"padding-top:30px;padding-right:350px;padding-left:5px\"><a id=\"wp-block-file--media-eaab6ce8-ad5a-4ff7-8b1e-0d9dce04ee6a\" href=\"https:\/\/parquetoledo.es\/aperturaescuela\/wp-content\/uploads\/2024\/09\/1a-reunion-nivelacion-PT.pdf\" target=\"_blank\" rel=\"noreferrer noopener\">1a reunion nivelacion PT<\/a><a href=\"https:\/\/parquetoledo.es\/aperturaescuela\/wp-content\/uploads\/2024\/09\/1a-reunion-nivelacion-PT.pdf\" class=\"wp-block-file__button wp-element-button\" download aria-describedby=\"wp-block-file--media-eaab6ce8-ad5a-4ff7-8b1e-0d9dce04ee6a\">Descarga<\/a><\/div>\n\n\n\n<div style=\"height:19px\" aria-hidden=\"true\" class=\"wp-block-spacer\"><\/div>\n\n\n\n<h4 class=\"wp-block-heading has-text-align-left\" style=\"margin-top:100px;margin-left:0px\"><strong>Recomendaciones primera reuni\u00f3n de postulantes<\/strong><\/h4>\n\n\n\n<p class=\"wp-block-paragraph\">El inter\u00e9s de los trabajos de nivelaci\u00f3n apunta a lograr uniformidad b\u00e1sica de comprensi\u00f3n y lenguaje. Son trabajos <strong>preparatorios <\/strong>para las disciplinas.<br>La forma de trabajo ser\u00e1 en grupos de intercambio integrados por postulantes y sin instructores. Esto exigir\u00e1 por parte de los postulantes una clara intenci\u00f3n de trabajo personal y de intercambio con otros, con el fin de complementar sus experiencias y llegar a la necesaria ampliaci\u00f3n del punto de vista. Por ello, recomendamos la apertura y conexi\u00f3n con otros participantes con el fin de conformar dichos grupos.<\/p>\n\n\n\n<p class=\"wp-block-paragraph\">En los grupos de trabajo se sugiere una t\u00f3nica de amabilidad y buen trato para los intercambios. Se trata de <strong>compartir <\/strong>la propia experiencia sin cuestionar la de los otros, tambi\u00e9n las dificultades, los avances y las comprensiones para aportar a otros y enriquecer gracias a esta din\u00e1mica el propio proceso.<br>Cada grupo de intercambio organiza su calendario y forma de trabajo, aunque puede ayudar de comienzo fijar un intercambio semanal, virtual o presencialmente. Este es uno de los temas que se tratar\u00e1n hoy, ver todos los trabajos de este periodo y fijar cu\u00e1ndo y c\u00f3mo acometerlos.<\/p>\n\n\n\n<p class=\"wp-block-paragraph\">Es importante atender al ritmo del calendario y no quedarse atascados, sino continuar con el siguiente tema, pues en nuestros trabajos siempre hay ocasi\u00f3n de volver sobre ellos. Para esos momentos de dificultad, puede resultar muy conveniente el <strong>contacto <\/strong>con otros grupos de intercambio, para lo que se recomienda tomar tambi\u00e9n los datos de participantes de otros grupos. Recomendamos el armado de grupos no excesivamente numerosos (ni peque\u00f1os) para que todos puedan participar.<\/p>\n\n\n\n<p class=\"wp-block-paragraph\" style=\"margin-top:60px\"><strong>Sugerencias cotidianas<\/strong><\/p>\n\n\n\n<ul class=\"wp-block-list\">\n<li>Dar continuidad a las actividades en las que cada uno est\u00e9 participando y sumarse a las de conjunto, por ejemplo, los encuentros estacionales.<\/li>\n<\/ul>\n\n\n\n<ul class=\"wp-block-list\">\n<li>Es conveniente anotar diariamente las observaciones m\u00e1s relevantes respecto a los trabajos y experiencias que se van teniendo. Estas notas ayudar\u00e1n a elaborar los res\u00famenes y s\u00edntesis de los trabajos a presentar en la siguiente reuni\u00f3n.<\/li>\n<\/ul>\n\n\n\n<ul class=\"wp-block-list\">\n<li>No descuidar los \u00e1mbitos y actividades personales. (<em>Las cosas est\u00e1n bien cuando marchan en conjunto, no aisladamente.<\/em>)<\/li>\n<\/ul>\n\n\n\n<p class=\"wp-block-paragraph\">Se recomienda eliminar, si fuera el caso, el consumo de sustancias, alcohol y drogas ya que son un impedimento para el adecuado desarrollo de los trabajos de nivelaci\u00f3n y disciplinarios, dirigidos al despertar de la conciencia.<\/p>\n","protected":false},"excerpt":{"rendered":"<p>Bienvenida Queridas amigas, queridos amigos postulantes de este nuevo proceso de apertura de la Escuela aplicada en Parque Toledo. Bienvenidos [&hellip;]<\/p>\n","protected":false},"author":6,"featured_media":0,"parent":0,"menu_order":0,"comment_status":"closed","ping_status":"closed","template":"","meta":{"site-sidebar-layout":"default","site-content-layout":"","ast-site-content-layout":"default","site-content-style":"default","site-sidebar-style":"default","ast-global-header-display":"","ast-banner-title-visibility":"","ast-main-header-display":"","ast-hfb-above-header-display":"","ast-hfb-below-header-display":"","ast-hfb-mobile-header-display":"","site-post-title":"","ast-breadcrumbs-content":"","ast-featured-img":"","footer-sml-layout":"","ast-disable-related-posts":"","theme-transparent-header-meta":"","adv-header-id-meta":"","stick-header-meta":"","header-above-stick-meta":"","header-main-stick-meta":"","header-below-stick-meta":"","astra-migrate-meta-layouts":"default","ast-page-background-enabled":"default","ast-page-background-meta":{"desktop":{"background-color":"var(--ast-global-color-4)","background-image":"","background-repeat":"repeat","background-position":"center center","background-size":"auto","background-attachment":"scroll","background-type":"","background-media":"","overlay-type":"","overlay-color":"","overlay-opacity":"","overlay-gradient":""},"tablet":{"background-color":"","background-image":"","background-repeat":"repeat","background-position":"center center","background-size":"auto","background-attachment":"scroll","background-type":"","background-media":"","overlay-type":"","overlay-color":"","overlay-opacity":"","overlay-gradient":""},"mobile":{"background-color":"","background-image":"","background-repeat":"repeat","background-position":"center center","background-size":"auto","background-attachment":"scroll","background-type":"","background-media":"","overlay-type":"","overlay-color":"","overlay-opacity":"","overlay-gradient":""}},"ast-content-background-meta":{"desktop":{"background-color":"var(--ast-global-color-5)","background-image":"","background-repeat":"repeat","background-position":"center center","background-size":"auto","background-attachment":"scroll","background-type":"","background-media":"","overlay-type":"","overlay-color":"","overlay-opacity":"","overlay-gradient":""},"tablet":{"background-color":"var(--ast-global-color-5)","background-image":"","background-repeat":"repeat","background-position":"center center","background-size":"auto","background-attachment":"scroll","background-type":"","background-media":"","overlay-type":"","overlay-color":"","overlay-opacity":"","overlay-gradient":""},"mobile":{"background-color":"var(--ast-global-color-5)","background-image":"","background-repeat":"repeat","background-position":"center center","background-size":"auto","background-attachment":"scroll","background-type":"","background-media":"","overlay-type":"","overlay-color":"","overlay-opacity":"","overlay-gradient":""}},"footnotes":""},"class_list":["post-194","page","type-page","status-publish","hentry"],"_links":{"self":[{"href":"https:\/\/parquetoledo.es\/aperturaescuela\/wp-json\/wp\/v2\/pages\/194","targetHints":{"allow":["GET"]}}],"collection":[{"href":"https:\/\/parquetoledo.es\/aperturaescuela\/wp-json\/wp\/v2\/pages"}],"about":[{"href":"https:\/\/parquetoledo.es\/aperturaescuela\/wp-json\/wp\/v2\/types\/page"}],"author":[{"embeddable":true,"href":"https:\/\/parquetoledo.es\/aperturaescuela\/wp-json\/wp\/v2\/users\/6"}],"replies":[{"embeddable":true,"href":"https:\/\/parquetoledo.es\/aperturaescuela\/wp-json\/wp\/v2\/comments?post=194"}],"version-history":[{"count":38,"href":"https:\/\/parquetoledo.es\/aperturaescuela\/wp-json\/wp\/v2\/pages\/194\/revisions"}],"predecessor-version":[{"id":488,"href":"https:\/\/parquetoledo.es\/aperturaescuela\/wp-json\/wp\/v2\/pages\/194\/revisions\/488"}],"wp:attachment":[{"href":"https:\/\/parquetoledo.es\/aperturaescuela\/wp-json\/wp\/v2\/media?parent=194"}],"curies":[{"name":"wp","href":"https:\/\/api.w.org\/{rel}","templated":true}]}}